{"id":1837,"date":"2023-02-13T21:17:42","date_gmt":"2023-02-13T20:17:42","guid":{"rendered":"https:\/\/www.silbaranera.com\/?post_type=product&#038;p=1837"},"modified":"2025-09-26T20:03:46","modified_gmt":"2025-09-26T18:03:46","slug":"cinturon-hebilla-pelo-natural","status":"publish","type":"product","link":"https:\/\/www.silbaranera.com\/eng\/shop\/cinturon-hebilla-pelo-natural\/","title":{"rendered":"Cintur\u00f3n Hebilla pelo natural"},"content":{"rendered":"<p>Cintur\u00f3n 100 % piel vacuna con hebilla forrada de pelo natural de vis\u00f3n <em>*upcycling.<\/em><\/p>\n<p>El ancho de la correa es de 35 mm (3,5 cm)<\/p>\n<p>Disponible en cuatro combinaciones posibles. Color de la piel del cintur\u00f3n en negro o marr\u00f3n oscuro. Color del pelo natural en demibuf medio o demibuf oscuro.<\/p>\n<p>Las tallas var\u00edan en funci\u00f3n de donde desees llevar el cintur\u00f3n, se aconseja midas tu propio contorno, con una cinta m\u00e9trica, all\u00ed donde lo quieras llevar. Si es para llevarlo en mas de una posici\u00f3n, escoge siempre el contorno mas largo.<\/p>\n<p>Recuerda que la talla <strong>corresponde a la medida del contorno<\/strong> donde lo quieras llevar, <strong>no<\/strong> al largo de la correa.<\/p>\n<p>Si no encuentras tu talla o buscas una medida especial, escr\u00edbenos un a <em>sil.baranera@gmail.com<\/em> y haremos lo posible para hacerlo.<\/p>\n<p>Composicion: 100 % piel vacuna y pelo natural de vis\u00f3n <em>*upcycling.<\/em><\/p>","protected":false},"excerpt":{"rendered":"<p>Cintur\u00f3n 100 % piel vacuna con hebilla forrada de pelo natural de vis\u00f3n *upcycling. El ancho de la correa es de 35 mm (3,5 cm) Disponible en cuatro combinaciones posibles. Color de la piel del cintur\u00f3n en negro o marr\u00f3n oscuro. Color del pelo natural en demibuf medio o demibuf oscuro. Las tallas var\u00edan en [&hellip;]<\/p>\n","protected":false},"featured_media":1840,"comment_status":"closed","ping_status":"closed","template":"","meta":[],"product_brand":[],"product_cat":[56],"product_tag":[],"class_list":{"0":"post-1837","1":"product","2":"type-product","3":"status-publish","4":"has-post-thumbnail","6":"product_cat-complementos","8":"first","9":"instock","10":"taxable","11":"shipping-taxable","12":"purchasable","13":"product-type-variable","14":"has-default-attributes"},"_links":{"self":[{"href":"https:\/\/www.silbaranera.com\/eng\/wp-json\/wp\/v2\/product\/1837","targetHints":{"allow":["GET"]}}],"collection":[{"href":"https:\/\/www.silbaranera.com\/eng\/wp-json\/wp\/v2\/product"}],"about":[{"href":"https:\/\/www.silbaranera.com\/eng\/wp-json\/wp\/v2\/types\/product"}],"replies":[{"embeddable":true,"href":"https:\/\/www.silbaranera.com\/eng\/wp-json\/wp\/v2\/comments?post=1837"}],"version-history":[{"count":3,"href":"https:\/\/www.silbaranera.com\/eng\/wp-json\/wp\/v2\/product\/1837\/revisions"}],"predecessor-version":[{"id":2328,"href":"https:\/\/www.silbaranera.com\/eng\/wp-json\/wp\/v2\/product\/1837\/revisions\/2328"}],"wp:featuredmedia":[{"embeddable":true,"href":"https:\/\/www.silbaranera.com\/eng\/wp-json\/wp\/v2\/media\/1840"}],"wp:attachment":[{"href":"https:\/\/www.silbaranera.com\/eng\/wp-json\/wp\/v2\/media?parent=1837"}],"wp:term":[{"taxonomy":"product_brand","embeddable":true,"href":"https:\/\/www.silbaranera.com\/eng\/wp-json\/wp\/v2\/product_brand?post=1837"},{"taxonomy":"product_cat","embeddable":true,"href":"https:\/\/www.silbaranera.com\/eng\/wp-json\/wp\/v2\/product_cat?post=1837"},{"taxonomy":"product_tag","embeddable":true,"href":"https:\/\/www.silbaranera.com\/eng\/wp-json\/wp\/v2\/product_tag?post=1837"}],"curies":[{"name":"wp","href":"https:\/\/api.w.org\/{rel}","templated":true}]}}